{"id":19972,"date":"2021-03-11T15:25:00","date_gmt":"2021-03-11T20:25:00","guid":{"rendered":"https:\/\/www.cca-acc.com\/?post_type=cca_events&#038;p=19972"},"modified":"2021-02-08T15:29:33","modified_gmt":"2021-02-08T20:29:33","slug":"assemblee-generale-annuelle-virtuelle-de-lacc","status":"publish","type":"cca_events","link":"https:\/\/www.cca-acc.com\/fr\/cca_events\/assemblee-generale-annuelle-virtuelle-de-lacc\/","title":{"rendered":"Assembl\u00e9e g\u00e9n\u00e9rale annuelle virtuelle de l\u2019ACC"},"content":{"rendered":"\n<p>Gardez l\u2019\u0153il ouvert pour l\u2019avis de convocation officiel qui sera envoy\u00e9 aux membres en f\u00e9vrier.<\/p>\n\n\n\n<p>Joignez-vous \u00e0 nous pour c\u00e9l\u00e9brer nos nombreuses r\u00e9alisations en 2020 et pour accueillir le nouveau pr\u00e9sident du Conseil, Ray Bassett, et remercier nos administrateurs sortants et notre pr\u00e9sident sortant du Conseil, Joe Wrobel.<\/p>\n\n\n\n<p>Les membres de l\u2019ACC et le personnel des associations sont invit\u00e9s \u00e0 assister \u00e0 l\u2019assembl\u00e9e.<\/p>\n","protected":false},"featured_media":18606,"template":"","class_list":["post-19972","cca_events","type-cca_events","status-publish","has-post-thumbnail","hentry"],"acf":[],"_links":{"self":[{"href":"https:\/\/www.cca-acc.com\/fr\/wp-json\/wp\/v2\/cca_events\/19972","targetHints":{"allow":["GET"]}}],"collection":[{"href":"https:\/\/www.cca-acc.com\/fr\/wp-json\/wp\/v2\/cca_events"}],"about":[{"href":"https:\/\/www.cca-acc.com\/fr\/wp-json\/wp\/v2\/types\/cca_events"}],"version-history":[{"count":0,"href":"https:\/\/www.cca-acc.com\/fr\/wp-json\/wp\/v2\/cca_events\/19972\/revisions"}],"wp:featuredmedia":[{"embeddable":true,"href":"https:\/\/www.cca-acc.com\/fr\/wp-json\/wp\/v2\/media\/18606"}],"wp:attachment":[{"href":"https:\/\/www.cca-acc.com\/fr\/wp-json\/wp\/v2\/media?parent=19972"}],"curies":[{"name":"wp","href":"https:\/\/api.w.org\/{rel}","templated":true}]}}