{"id":30033,"date":"2022-04-21T11:00:00","date_gmt":"2022-04-21T15:00:00","guid":{"rendered":"https:\/\/www.cca-acc.com\/?post_type=cca_plus&#038;p=30033"},"modified":"2022-04-21T11:00:43","modified_gmt":"2022-04-21T15:00:43","slug":"creer-une-vision-pour-les-infrastructures-du-canada-commerce-communautes-et-economie-verte","status":"publish","type":"cca_plus","link":"https:\/\/www.cca-acc.com\/fr\/plus\/creer-une-vision-pour-les-infrastructures-du-canada-commerce-communautes-et-economie-verte\/","title":{"rendered":"Cr\u00e9er une vision pour les infrastructures du Canada : commerce, communaut\u00e9s et \u00e9conomie verte"},"content":{"rendered":"\n<p>Pr\u00e8s de 75 experts de l\u2019industrie, repr\u00e9sentant tous les secteurs, les entreprises de toutes tailles et toutes les r\u00e9gions du Canada, ont particip\u00e9 \u00e0 un atelier anim\u00e9 par la pr\u00e9sidente de l\u2019ACC, Mary Van Buren, dans le but de pr\u00e9ciser davantage les priorit\u00e9s en mati\u00e8re d\u2019investissements dans les infrastructures.<\/p>\n\n\n\n<p>Cet atelier constituait la prochaine \u00e9tape dans l\u2019\u00e9laboration d\u2019une vision \u00e0 long terme des infrastructures du Canada et a eu lieu le 9 mars 2022 dans le cadre de la conf\u00e9rence annuelle de l\u2019ACC \u00e0 Vancouver, en Colombie-Britannique. Le rapport ci-dessous, qui r\u00e9sume les discussions, repr\u00e9sente les opinions de nos membres qui \u00e9taient pr\u00e9sents.<\/p>\n\n\n<div class=\"button_left\"><a href=\"https:\/\/www.cca-acc.com\/wp-content\/uploads\/2022\/04\/Creer-une-vision-pour-les-investissements-dans-les-infrastructures-du-Canada.pdf\"  class=\" cca_purple btn_outlined\" target=\"_blank\">Cr\u00e9er une vision pour les investissements dans les infrastructures du Canada <\/a>\n<\/div>\n\n\n\n\n\n<p>Trois th\u00e8mes importants se sont d\u00e9gag\u00e9s quant aux domaines dans lesquels le Canada devrait prioriser ses investissements dans les infrastructures. Les participants \u00e0 l\u2019atelier ont conclu que les strat\u00e9gies d\u2019investissements doivent \u00eatre align\u00e9es sur l\u2019objectif de renforcer la place qu\u2019occupe le Canada en tant que meilleur endroit o\u00f9 travailler, investir et vivre, \u00e0 savoir le Canada doit :<\/p>\n\n\n\n<p>1.&nbsp;&nbsp;&nbsp;&nbsp;&nbsp; \u00catre un partenaire commercial national et mondial efficace et digne de confiance.<\/p>\n\n\n\n<p>2.&nbsp;&nbsp;&nbsp;&nbsp;&nbsp; Mieux int\u00e9grer et relier les communaut\u00e9s o\u00f9 les gens travaillent et vivent.<\/p>\n\n\n\n<p>3.&nbsp;&nbsp;&nbsp;&nbsp;&nbsp; \u00catre un chef de file mondial de l\u2019\u00e9conomie verte.<\/p>\n\n\n\n<p>Notre avenir \u00e9conomique d\u00e9pendra de l\u2019am\u00e9lioration des infrastructures favorables au commerce, comme le transport, les t\u00e9l\u00e9communications et les corridors \u00e9nerg\u00e9tiques. Nous devons nous assurer que les investissements dans les infrastructures sont ax\u00e9s sur l\u2019avenir afin de tenir compte de l\u2019importance de la r\u00e9silience des infrastructures dans le contexte du changement climatique et d\u2019adopter une vision \u00e0 long terme de l\u2019\u00e9conomie et du commerce \u00e0 l\u2019\u00e9chelle internationale.<\/p>\n\n\n\n<figure class=\"wp-block-image size-full\"><img loading=\"lazy\" decoding=\"async\" width=\"960\" height=\"213\" src=\"https:\/\/www.cca-acc.com\/wp-content\/uploads\/2022\/04\/vision-2.jpg\" alt=\"\" class=\"wp-image-29969\" srcset=\"https:\/\/www.cca-acc.com\/wp-content\/uploads\/2022\/04\/vision-2.jpg 960w, https:\/\/www.cca-acc.com\/wp-content\/uploads\/2022\/04\/vision-2-600x133.jpg 600w, https:\/\/www.cca-acc.com\/wp-content\/uploads\/2022\/04\/vision-2-300x67.jpg 300w, https:\/\/www.cca-acc.com\/wp-content\/uploads\/2022\/04\/vision-2-768x170.jpg 768w\" sizes=\"auto, (max-width: 960px) 100vw, 960px\" \/><\/figure>\n\n\n\n<p>Comme nous l\u2019avons pr\u00e9cis\u00e9 dans notre r\u00e9ponse \u00e0 l\u2019\u00c9valuation nationale des infrastructures (\u00c9NI), il existe de nombreuses priorit\u00e9s concurrentes et intrins\u00e8quement politiques (par exemple, les priorit\u00e9s imm\u00e9diates par rapport aux priorit\u00e9s \u00e0 long terme, les h\u00f4pitaux par rapport aux ponts, l\u2019Est par rapport \u00e0 l\u2019Ouest, une \u00e9conomie ax\u00e9e sur les ressources ou une \u00e9conomie verte, le d\u00e9veloppement d\u2019un corridor commercial de l\u2019Ouest ou l\u2019investissement dans le transport en commun dans la r\u00e9gion du Grand Toronto). La cr\u00e9ation d\u2019un groupe consultatif ind\u00e9pendant et apolitique permettrait ainsi d\u2019assurer un niveau appropri\u00e9 de contr\u00f4le et d\u2019examen menant \u00e0 une prise de d\u00e9cisions fond\u00e9e sur des donn\u00e9es probantes en ce qui a trait aux investissements dans les infrastructures.<\/p>\n\n\n\n<p>Sept conclusions cl\u00e9s sont soulign\u00e9es dans le rapport du gouvernement f\u00e9d\u00e9ral, intitul\u00e9 <em><a href=\"https:\/\/www.infrastructure.gc.ca\/alt-format\/pdf\/nia-eni\/nia-eni-2-fra1.pdf\" target=\"_blank\" rel=\"noreferrer noopener\">Tracer la voie vers 2050&nbsp;: Aller de l\u2019avant avec l\u2019\u00c9valuation nationale des infrastructures<\/a><\/em>, dont plusieurs sont align\u00e9es directement sur nos recommandations, notamment l\u2019acc\u00e9l\u00e9ration du flux des investissements dans les infrastructures dont les communaut\u00e9s ont tant besoin, ainsi qu\u2019une vision nationale pour l\u2019avenir qui est guid\u00e9e par des conseils sp\u00e9cialis\u00e9s et fond\u00e9s sur des donn\u00e9es probantes gr\u00e2ce \u00e0 la cr\u00e9ation d\u2019un conseil consultatif ind\u00e9pendant et apolitique. <\/p>\n\n\n\n<figure class=\"wp-block-image size-full\"><img loading=\"lazy\" decoding=\"async\" width=\"960\" height=\"213\" src=\"https:\/\/www.cca-acc.com\/wp-content\/uploads\/2022\/04\/vision-3.jpg\" alt=\"\" class=\"wp-image-29971\" srcset=\"https:\/\/www.cca-acc.com\/wp-content\/uploads\/2022\/04\/vision-3.jpg 960w, https:\/\/www.cca-acc.com\/wp-content\/uploads\/2022\/04\/vision-3-600x133.jpg 600w, https:\/\/www.cca-acc.com\/wp-content\/uploads\/2022\/04\/vision-3-300x67.jpg 300w, https:\/\/www.cca-acc.com\/wp-content\/uploads\/2022\/04\/vision-3-768x170.jpg 768w\" sizes=\"auto, (max-width: 960px) 100vw, 960px\" \/><\/figure>\n\n\n\n<p>La relance \u00e9conomique du Canada d\u00e9pend de ses infrastructures. Nous devons veiller \u00e0 ce que les investissements dans les infrastructures r\u00e9pondent \u00e0 nos besoins imm\u00e9diats et futurs. Il importe de b\u00e2tir en mettant l\u2019accent sur la r\u00e9silience de nos infrastructures face aux risques climatiques et d\u2019am\u00e9liorer nos infrastructures qui favorisent et facilitent le commerce, car cela profitera \u00e0 tous les Canadiens et positionnera le Canada sur une lanc\u00e9e de croissance \u00e0 long terme.<\/p>\n","protected":false},"featured_media":29967,"menu_order":0,"template":"","class_list":["post-30033","cca_plus","type-cca_plus","status-publish","has-post-thumbnail","hentry","cca_plus_category-le-coin-de-lacc"],"acf":[],"_links":{"self":[{"href":"https:\/\/www.cca-acc.com\/fr\/wp-json\/wp\/v2\/cca_plus\/30033","targetHints":{"allow":["GET"]}}],"collection":[{"href":"https:\/\/www.cca-acc.com\/fr\/wp-json\/wp\/v2\/cca_plus"}],"about":[{"href":"https:\/\/www.cca-acc.com\/fr\/wp-json\/wp\/v2\/types\/cca_plus"}],"version-history":[{"count":0,"href":"https:\/\/www.cca-acc.com\/fr\/wp-json\/wp\/v2\/cca_plus\/30033\/revisions"}],"wp:featuredmedia":[{"embeddable":true,"href":"https:\/\/www.cca-acc.com\/fr\/wp-json\/wp\/v2\/media\/29967"}],"wp:attachment":[{"href":"https:\/\/www.cca-acc.com\/fr\/wp-json\/wp\/v2\/media?parent=30033"}],"curies":[{"name":"wp","href":"https:\/\/api.w.org\/{rel}","templated":true}]}}