{"id":30848,"date":"2022-05-19T08:00:00","date_gmt":"2022-05-19T12:00:00","guid":{"rendered":"https:\/\/www.cca-acc.com\/?post_type=cca_plus&#038;p=30848"},"modified":"2022-05-19T08:04:11","modified_gmt":"2022-05-19T12:04:11","slug":"les-dirigeants-de-lindustrie-discutent-des-changements-necessaires-en-matiere-dapprovisionnement-lors-de-la-rencontre-avec-le-gouvernement-federal","status":"publish","type":"cca_plus","link":"https:\/\/www.cca-acc.com\/fr\/plus\/les-dirigeants-de-lindustrie-discutent-des-changements-necessaires-en-matiere-dapprovisionnement-lors-de-la-rencontre-avec-le-gouvernement-federal\/","title":{"rendered":"Les dirigeants de l\u2019industrie discutent des changements n\u00e9cessaires en mati\u00e8re d\u2019approvisionnement lors de la rencontre avec le gouvernement f\u00e9d\u00e9ral"},"content":{"rendered":"\n<p>Les dirigeants de l\u2019Association canadienne de la construction (ACC) ont rencontr\u00e9 des hauts fonctionnaires du gouvernement du Canada le 5 mai \u00e0 l\u2019occasion de leur 55<sup>e<\/sup> rencontre annuelle conjointe pour discuter des principaux dossiers de politique publique qui touchent l\u2019industrie.<\/p>\n\n\n\n<figure class=\"wp-block-image size-large\"><img loading=\"lazy\" decoding=\"async\" width=\"1024\" height=\"825\" src=\"https:\/\/www.cca-acc.com\/wp-content\/uploads\/2022\/05\/Final-Meech-ALL3-1024x825.jpg\" alt=\"\" class=\"wp-image-30906\" srcset=\"https:\/\/www.cca-acc.com\/wp-content\/uploads\/2022\/05\/Final-Meech-ALL3-1024x825.jpg 1024w, https:\/\/www.cca-acc.com\/wp-content\/uploads\/2022\/05\/Final-Meech-ALL3-scaled-600x483.jpg 600w, https:\/\/www.cca-acc.com\/wp-content\/uploads\/2022\/05\/Final-Meech-ALL3-300x242.jpg 300w, https:\/\/www.cca-acc.com\/wp-content\/uploads\/2022\/05\/Final-Meech-ALL3-768x619.jpg 768w, https:\/\/www.cca-acc.com\/wp-content\/uploads\/2022\/05\/Final-Meech-ALL3-1536x1237.jpg 1536w, https:\/\/www.cca-acc.com\/wp-content\/uploads\/2022\/05\/Final-Meech-ALL3-2048x1649.jpg 2048w, https:\/\/www.cca-acc.com\/wp-content\/uploads\/2022\/05\/Final-Meech-ALL3-1200x966.jpg 1200w, https:\/\/www.cca-acc.com\/wp-content\/uploads\/2022\/05\/Final-Meech-ALL3-1980x1595.jpg 1980w\" sizes=\"auto, (max-width: 1024px) 100vw, 1024px\" \/><\/figure>\n\n\n\n<p>Des repr\u00e9sentants de Services publics et Approvisionnement Canada, du minist\u00e8re de l\u2019Infrastructure, du Conseil du Tr\u00e9sor, de la D\u00e9fense nationale et de Construction de D\u00e9fense Canada \u00e9taient pr\u00e9sents.<\/p>\n\n\n\n<p>Les r\u00e9sultats d\u2019une \u00e9tude sur l\u2019approvisionnement f\u00e9d\u00e9ral ont \u00e9t\u00e9 pr\u00e9sent\u00e9s, r\u00e9v\u00e9lant que les exigences restrictives des demandes de propositions (DDP) cr\u00e9ent des obstacles \u00e0 la participation. Le rapport souligne que le gouvernement peut accro\u00eetre la participation, l\u2019\u00e9quit\u00e9 et la transparence en adoptant d\u2019autres types de mod\u00e8les contractuels et en s\u2019\u00e9loignant du principe des soumissions les plus basses. Les entrepreneurs ont \u00e9galement indiqu\u00e9 que les exigences en mati\u00e8re d\u2019attestation de s\u00e9curit\u00e9 \u00e9taient l\u2019une des principales raisons pour lesquelles ils pr\u00e9f\u00e8rent les contrats priv\u00e9s aux contrats f\u00e9d\u00e9raux. Ces conditions nuisent \u00e0 la capacit\u00e9 de l\u2019industrie d\u2019embaucher la main-d\u2019\u0153uvre n\u00e9cessaire pour mener \u00e0 bien les projets.<\/p>\n\n\n\n<p>Parmi les autres sujets abord\u00e9s lors de la rencontre figuraient l\u2019approvisionnement social et la strat\u00e9gie d\u2019\u00e9cologisation du gouvernement.<\/p>\n\n\n\n<p>L\u2019ACC a demand\u00e9 d\u2019avoir davantage voix au chapitre du programme de s\u00e9curit\u00e9 du gouvernement f\u00e9d\u00e9ral, et un groupe de travail sur la modernisation de l\u2019approvisionnement et les attestations de s\u00e9curit\u00e9 sera cr\u00e9\u00e9 apr\u00e8s cette rencontre.<\/p>\n\n\n\n<p>L\u2019ACC attend avec impatience de collaborer avec le gouvernement sur ces dossiers importants.<\/p>\n","protected":false},"featured_media":0,"menu_order":0,"template":"","class_list":["post-30848","cca_plus","type-cca_plus","status-publish","hentry","cca_plus_category-alerte-a-la-defense-des-interets"],"acf":[],"_links":{"self":[{"href":"https:\/\/www.cca-acc.com\/fr\/wp-json\/wp\/v2\/cca_plus\/30848","targetHints":{"allow":["GET"]}}],"collection":[{"href":"https:\/\/www.cca-acc.com\/fr\/wp-json\/wp\/v2\/cca_plus"}],"about":[{"href":"https:\/\/www.cca-acc.com\/fr\/wp-json\/wp\/v2\/types\/cca_plus"}],"version-history":[{"count":0,"href":"https:\/\/www.cca-acc.com\/fr\/wp-json\/wp\/v2\/cca_plus\/30848\/revisions"}],"wp:attachment":[{"href":"https:\/\/www.cca-acc.com\/fr\/wp-json\/wp\/v2\/media?parent=30848"}],"curies":[{"name":"wp","href":"https:\/\/api.w.org\/{rel}","templated":true}]}}