{"id":31241,"date":"2022-06-08T09:00:00","date_gmt":"2022-06-08T13:00:00","guid":{"rendered":"https:\/\/www.cca-acc.com\/?post_type=cca_plus&#038;p=31241"},"modified":"2022-06-07T09:20:24","modified_gmt":"2022-06-07T13:20:24","slug":"les-dirigeants-de-la-construction-participent-a-lelaboration-dun-nouveau-plan-strategique-de-lacc","status":"publish","type":"cca_plus","link":"https:\/\/www.cca-acc.com\/fr\/plus\/les-dirigeants-de-la-construction-participent-a-lelaboration-dun-nouveau-plan-strategique-de-lacc\/","title":{"rendered":"Les dirigeants de la construction participent \u00e0 l\u2019\u00e9laboration d\u2019un nouveau plan strat\u00e9gique de l\u2019ACC"},"content":{"rendered":"\n<p>Le travail est en cours pour actualiser le plan strat\u00e9gique de l\u2019Association canadienne de la construction (ACC). Le nouveau plan, qui sera lanc\u00e9 en 2023, d\u00e9finira les objectifs et les domaines d\u2019int\u00e9r\u00eat et d\u2019intervention de l\u2019association pour les trois prochaines ann\u00e9es.<\/p>\n\n\n\n<figure class=\"wp-block-image size-full\"><img loading=\"lazy\" decoding=\"async\" width=\"960\" height=\"300\" src=\"https:\/\/www.cca-acc.com\/wp-content\/uploads\/2022\/06\/strategic-960-2.png\" alt=\"\" class=\"wp-image-31212\" srcset=\"https:\/\/www.cca-acc.com\/wp-content\/uploads\/2022\/06\/strategic-960-2.png 960w, https:\/\/www.cca-acc.com\/wp-content\/uploads\/2022\/06\/strategic-960-2-600x188.png 600w, https:\/\/www.cca-acc.com\/wp-content\/uploads\/2022\/06\/strategic-960-2-300x94.png 300w, https:\/\/www.cca-acc.com\/wp-content\/uploads\/2022\/06\/strategic-960-2-768x240.png 768w\" sizes=\"auto, (max-width: 960px) 100vw, 960px\" \/><\/figure>\n\n\n\n<p>Cet exercice pour \u00e9laborer le plan strat\u00e9gique a commenc\u00e9 par un sondage et une s\u00e9rie d\u2019entrevues visant \u00e0 d\u00e9terminer les principales pr\u00e9occupations, possibilit\u00e9s et contraintes auxquelles fait face l\u2019industrie. Un atelier d\u2019une demi-journ\u00e9e a ensuite \u00e9t\u00e9 tenu \u00e0 Vancouver avant la Conf\u00e9rence annuelle de l\u2019ACC le 7 mars, afin de peaufiner les id\u00e9es, les r\u00e9flexions et les commentaires de plus de 70&nbsp;participants qui sont membres du conseil d\u2019administration et des conseils consultatifs nationaux. Les conclusions de cet atelier, combin\u00e9es aux r\u00e9sultats du sondage et des entrevues avec les parties prenantes, seront synth\u00e9tis\u00e9es pour produire dans un plan triennal qui sera examin\u00e9 par le conseil d\u2019administration lors de sa prochaine r\u00e9union en juillet, l\u2019objectif \u00e9tant de finaliser le plan d\u2019ici novembre.<\/p>\n\n\n\n<figure class=\"wp-block-image size-full\"><img loading=\"lazy\" decoding=\"async\" width=\"960\" height=\"200\" src=\"https:\/\/www.cca-acc.com\/wp-content\/uploads\/2022\/06\/strategic-960-3.png\" alt=\"\" class=\"wp-image-31208\" srcset=\"https:\/\/www.cca-acc.com\/wp-content\/uploads\/2022\/06\/strategic-960-3.png 960w, https:\/\/www.cca-acc.com\/wp-content\/uploads\/2022\/06\/strategic-960-3-600x125.png 600w, https:\/\/www.cca-acc.com\/wp-content\/uploads\/2022\/06\/strategic-960-3-300x63.png 300w, https:\/\/www.cca-acc.com\/wp-content\/uploads\/2022\/06\/strategic-960-3-768x160.png 768w\" sizes=\"auto, (max-width: 960px) 100vw, 960px\" \/><\/figure>\n\n\n\n<p>Les participants \u00e0 l\u2019atelier ont \u00e9t\u00e9 invit\u00e9s \u00e0 proposer des sc\u00e9narios favorisant une industrie en pleine effervescence; \u00e0 formuler des id\u00e9es et des domaines d\u2019intervention sp\u00e9cifiques pour les membres, les ma\u00eetres d\u2019ouvrage, les associations locales de la construction et l\u2019ACC; et \u00e0 d\u00e9finir ce \u00e0 quoi ressemblerait la r\u00e9ussite de l\u2019industrie dans cinq ans.<\/p>\n\n\n\n<p>Les concepts UNIFIER et GUIDER ont trouv\u00e9 \u00e9cho aupr\u00e8s des membres alors que des th\u00e8mes communs ont \u00e9t\u00e9 d\u00e9gag\u00e9s \u00e0 la suite des groupes de discussion, notamment en qui a trait \u00e0 l\u2019importance d\u2019unifier les parties prenantes et d\u2019apporter les changements n\u00e9cessaires gr\u00e2ce \u00e0 un leadership fort. De nombreux participants repr\u00e9sentant diff\u00e9rents secteurs de l\u2019industrie ont exprim\u00e9 le d\u00e9sir de mieux travailler ensemble pour tirer parti de leurs forces, connaissances et capacit\u00e9s collectives, afin de cr\u00e9er un impact qui r\u00e9sonne dans l\u2019ensemble des secteurs et des localit\u00e9s.<\/p>\n\n\n\n<figure class=\"wp-block-image size-full\"><img loading=\"lazy\" decoding=\"async\" width=\"960\" height=\"539\" src=\"https:\/\/www.cca-acc.com\/wp-content\/uploads\/2022\/06\/strategic-960-4.jpg\" alt=\"\" class=\"wp-image-31210\" srcset=\"https:\/\/www.cca-acc.com\/wp-content\/uploads\/2022\/06\/strategic-960-4.jpg 960w, https:\/\/www.cca-acc.com\/wp-content\/uploads\/2022\/06\/strategic-960-4-600x337.jpg 600w, https:\/\/www.cca-acc.com\/wp-content\/uploads\/2022\/06\/strategic-960-4-300x168.jpg 300w, https:\/\/www.cca-acc.com\/wp-content\/uploads\/2022\/06\/strategic-960-4-768x431.jpg 768w\" sizes=\"auto, (max-width: 960px) 100vw, 960px\" \/><\/figure>\n\n\n\n<p>Les participants ont \u00e9galement r\u00e9fl\u00e9chi \u00e0 la n\u00e9cessit\u00e9 de changer la perception \u00e0 l\u2019\u00e9gard de l\u2019industrie. Ce changement est essentiel pour accro\u00eetre la capacit\u00e9 de la main-d\u2019\u0153uvre, et cela est une priorit\u00e9 de l\u2019industrie pour garantir que le secteur dispose des talents, des comp\u00e9tences et des ressources n\u00e9cessaires pour r\u00e9pondre aux demandes actuelles et croissantes. <\/p>\n\n\n\n<p>Un th\u00e8me \u00e9mergent est le d\u00e9veloppement de la capacit\u00e9 de l\u2019industrie et de l\u2019ACC, c\u2019est-\u00e0-dire \u00c9VOLUER. Ce concept vise \u00e0 mettre l\u2019accent sur la n\u00e9cessit\u00e9 de renforcer la capacit\u00e9 de la main-d\u2019\u0153uvre, de diversifier les mod\u00e8les d\u2019approvisionnement et de r\u00e9alisation de projet, d\u2019adopter la technologie et de stimuler l\u2019\u00e9conomie verte du Canada.<\/p>\n","protected":false},"featured_media":31206,"menu_order":0,"template":"","class_list":["post-31241","cca_plus","type-cca_plus","status-publish","has-post-thumbnail","hentry","cca_plus_category-le-coin-de-lacc"],"acf":[],"_links":{"self":[{"href":"https:\/\/www.cca-acc.com\/fr\/wp-json\/wp\/v2\/cca_plus\/31241","targetHints":{"allow":["GET"]}}],"collection":[{"href":"https:\/\/www.cca-acc.com\/fr\/wp-json\/wp\/v2\/cca_plus"}],"about":[{"href":"https:\/\/www.cca-acc.com\/fr\/wp-json\/wp\/v2\/types\/cca_plus"}],"version-history":[{"count":0,"href":"https:\/\/www.cca-acc.com\/fr\/wp-json\/wp\/v2\/cca_plus\/31241\/revisions"}],"wp:featuredmedia":[{"embeddable":true,"href":"https:\/\/www.cca-acc.com\/fr\/wp-json\/wp\/v2\/media\/31206"}],"wp:attachment":[{"href":"https:\/\/www.cca-acc.com\/fr\/wp-json\/wp\/v2\/media?parent=31241"}],"curies":[{"name":"wp","href":"https:\/\/api.w.org\/{rel}","templated":true}]}}