{"id":38778,"date":"2023-03-27T10:27:41","date_gmt":"2023-03-27T14:27:41","guid":{"rendered":"https:\/\/www.cca-acc.com\/?post_type=cca_plus&#038;p=38778"},"modified":"2023-05-08T15:11:51","modified_gmt":"2023-05-08T19:11:51","slug":"points-saillants-des-reunions-du-conseil-de-lacc-et-des-ccn","status":"publish","type":"cca_plus","link":"https:\/\/www.cca-acc.com\/fr\/plus\/points-saillants-des-reunions-du-conseil-de-lacc-et-des-ccn\/","title":{"rendered":"Points saillants des r\u00e9unions du conseil de l\u2019ACC et des CCN"},"content":{"rendered":"\n<p>Plusieurs r\u00e9unions de travail ont eu lieu \u00e0 Tucson, en Arizona, les 5 et 6 mars avant la Conf\u00e9rence annuelle de 2023 de l\u2019Association canadienne de la construction (ACC). Vous trouverez ci-dessous un r\u00e9sum\u00e9 des points saillants de ces r\u00e9unions.<\/p>\n\n\n\n<h4 class=\"wp-block-heading\">Le conseil d\u2019administration donne le feu vert pour consid\u00e9rer les associations locales de la construction en tant que membres de l\u2019ACC<\/h4>\n\n\n\n<p>Le conseil d\u2019administration a examin\u00e9 attentivement une recommandation du Comit\u00e9 de la gouvernance et des mises en candidature et du groupe de travail visant \u00e0 inclure les associations locales de la construction en tant que membres de l\u2019ACC. Le conseil d\u2019administration a appuy\u00e9 cette orientation et examinera une recommandation finale, y compris les modifications qui s\u2019imposent au r\u00e8glement administratif et toute autre consid\u00e9ration op\u00e9rationnelle, au plus tard lors de sa r\u00e9union de septembre 2023. Sous r\u00e9serve de l\u2019approbation du conseil, le r\u00e8glement administratif modifi\u00e9 sera soumis \u00e0 l\u2019assembl\u00e9e g\u00e9n\u00e9rale annuelle pour approbation en mars 2024.<\/p>\n\n\n\n<p>Le groupe de travail, compos\u00e9 d\u2019entrepreneurs, dont Nicole Chabot (infrastructure civile, Manitoba), Trevor Doucette (entrepreneur g\u00e9n\u00e9ral, Alberta), Tom Coughlan (entrepreneur sp\u00e9cialis\u00e9, N.-B.), Joe Wrobel (infrastructure civile, C.-B.) et de dirigeants d\u2019association, dont Shannon Friesen (SCA, Sask.), Grant Feltmate (NSRB, N.-\u00c9.), Pierre Hamel (ACQ, Qu\u00e9bec) et Ron Hambley (WCA, Manitoba), sera consult\u00e9 en avril pour discuter des modifications devant \u00eatre apport\u00e9es au r\u00e8glement administratif et proposer des suggestions sur un plan de mise en \u0153uvre.<\/p>\n\n\n\n<div class=\"wp-block-columns is-layout-flex wp-container-core-columns-is-layout-9d6595d7 wp-block-columns-is-layout-flex\">\n<div class=\"wp-block-column is-layout-flow wp-block-column-is-layout-flow\">\n<figure class=\"wp-block-image size-large\"><img loading=\"lazy\" decoding=\"async\" width=\"1024\" height=\"683\" src=\"https:\/\/www.cca-acc.com\/wp-content\/uploads\/2023\/03\/DSC06627-1024x683.jpg\" alt=\"\" class=\"wp-image-38698\" srcset=\"https:\/\/www.cca-acc.com\/wp-content\/uploads\/2023\/03\/DSC06627-1024x683.jpg 1024w, https:\/\/www.cca-acc.com\/wp-content\/uploads\/2023\/03\/DSC06627-scaled-600x400.jpg 600w, https:\/\/www.cca-acc.com\/wp-content\/uploads\/2023\/03\/DSC06627-300x200.jpg 300w, https:\/\/www.cca-acc.com\/wp-content\/uploads\/2023\/03\/DSC06627-768x512.jpg 768w, https:\/\/www.cca-acc.com\/wp-content\/uploads\/2023\/03\/DSC06627-1536x1024.jpg 1536w, https:\/\/www.cca-acc.com\/wp-content\/uploads\/2023\/03\/DSC06627-2048x1365.jpg 2048w, https:\/\/www.cca-acc.com\/wp-content\/uploads\/2023\/03\/DSC06627-1200x800.jpg 1200w, https:\/\/www.cca-acc.com\/wp-content\/uploads\/2023\/03\/DSC06627-1980x1320.jpg 1980w\" sizes=\"auto, (max-width: 1024px) 100vw, 1024px\" \/><\/figure>\n<\/div>\n\n\n\n<div class=\"wp-block-column is-layout-flow wp-block-column-is-layout-flow\">\n<figure class=\"wp-block-image size-large\"><img loading=\"lazy\" decoding=\"async\" width=\"1024\" height=\"683\" src=\"https:\/\/www.cca-acc.com\/wp-content\/uploads\/2023\/03\/DSC06631-1024x683.jpg\" alt=\"\" class=\"wp-image-38700\" srcset=\"https:\/\/www.cca-acc.com\/wp-content\/uploads\/2023\/03\/DSC06631-1024x683.jpg 1024w, https:\/\/www.cca-acc.com\/wp-content\/uploads\/2023\/03\/DSC06631-scaled-600x400.jpg 600w, https:\/\/www.cca-acc.com\/wp-content\/uploads\/2023\/03\/DSC06631-300x200.jpg 300w, https:\/\/www.cca-acc.com\/wp-content\/uploads\/2023\/03\/DSC06631-768x512.jpg 768w, https:\/\/www.cca-acc.com\/wp-content\/uploads\/2023\/03\/DSC06631-1536x1024.jpg 1536w, https:\/\/www.cca-acc.com\/wp-content\/uploads\/2023\/03\/DSC06631-2048x1365.jpg 2048w, https:\/\/www.cca-acc.com\/wp-content\/uploads\/2023\/03\/DSC06631-1200x800.jpg 1200w, https:\/\/www.cca-acc.com\/wp-content\/uploads\/2023\/03\/DSC06631-1980x1320.jpg 1980w\" sizes=\"auto, (max-width: 1024px) 100vw, 1024px\" \/><\/figure>\n<\/div>\n\n\n\n<div class=\"wp-block-column is-layout-flow wp-block-column-is-layout-flow\">\n<figure class=\"wp-block-image size-large\"><img loading=\"lazy\" decoding=\"async\" width=\"1024\" height=\"683\" src=\"https:\/\/www.cca-acc.com\/wp-content\/uploads\/2023\/03\/DSC06119-1024x683.jpg\" alt=\"\" class=\"wp-image-38707\" srcset=\"https:\/\/www.cca-acc.com\/wp-content\/uploads\/2023\/03\/DSC06119-1024x683.jpg 1024w, https:\/\/www.cca-acc.com\/wp-content\/uploads\/2023\/03\/DSC06119-scaled-600x400.jpg 600w, https:\/\/www.cca-acc.com\/wp-content\/uploads\/2023\/03\/DSC06119-300x200.jpg 300w, https:\/\/www.cca-acc.com\/wp-content\/uploads\/2023\/03\/DSC06119-768x512.jpg 768w, https:\/\/www.cca-acc.com\/wp-content\/uploads\/2023\/03\/DSC06119-1536x1024.jpg 1536w, https:\/\/www.cca-acc.com\/wp-content\/uploads\/2023\/03\/DSC06119-2048x1365.jpg 2048w, https:\/\/www.cca-acc.com\/wp-content\/uploads\/2023\/03\/DSC06119-1200x800.jpg 1200w, https:\/\/www.cca-acc.com\/wp-content\/uploads\/2023\/03\/DSC06119-1980x1320.jpg 1980w\" sizes=\"auto, (max-width: 1024px) 100vw, 1024px\" \/><\/figure>\n<\/div>\n<\/div>\n\n\n\n<div class=\"wp-block-columns is-layout-flex wp-container-core-columns-is-layout-9d6595d7 wp-block-columns-is-layout-flex\">\n<div class=\"wp-block-column is-layout-flow wp-block-column-is-layout-flow\">\n<figure class=\"wp-block-image size-full\"><img loading=\"lazy\" decoding=\"async\" width=\"1024\" height=\"683\" src=\"https:\/\/www.cca-acc.com\/wp-content\/uploads\/2023\/03\/DSC06690-1024x683-1.jpg\" alt=\"\" class=\"wp-image-38745\" srcset=\"https:\/\/www.cca-acc.com\/wp-content\/uploads\/2023\/03\/DSC06690-1024x683-1.jpg 1024w, https:\/\/www.cca-acc.com\/wp-content\/uploads\/2023\/03\/DSC06690-1024x683-1-600x400.jpg 600w, https:\/\/www.cca-acc.com\/wp-content\/uploads\/2023\/03\/DSC06690-1024x683-1-300x200.jpg 300w, https:\/\/www.cca-acc.com\/wp-content\/uploads\/2023\/03\/DSC06690-1024x683-1-768x512.jpg 768w\" sizes=\"auto, (max-width: 1024px) 100vw, 1024px\" \/><\/figure>\n<\/div>\n\n\n\n<div class=\"wp-block-column is-layout-flow wp-block-column-is-layout-flow\">\n<figure class=\"wp-block-image size-full\"><img loading=\"lazy\" decoding=\"async\" width=\"1024\" height=\"683\" src=\"https:\/\/www.cca-acc.com\/wp-content\/uploads\/2023\/03\/DSC06096-1024x683-1.jpg\" alt=\"\" class=\"wp-image-38743\" srcset=\"https:\/\/www.cca-acc.com\/wp-content\/uploads\/2023\/03\/DSC06096-1024x683-1.jpg 1024w, https:\/\/www.cca-acc.com\/wp-content\/uploads\/2023\/03\/DSC06096-1024x683-1-600x400.jpg 600w, https:\/\/www.cca-acc.com\/wp-content\/uploads\/2023\/03\/DSC06096-1024x683-1-300x200.jpg 300w, https:\/\/www.cca-acc.com\/wp-content\/uploads\/2023\/03\/DSC06096-1024x683-1-768x512.jpg 768w\" sizes=\"auto, (max-width: 1024px) 100vw, 1024px\" \/><\/figure>\n<\/div>\n\n\n\n<div class=\"wp-block-column is-layout-flow wp-block-column-is-layout-flow\">\n<figure class=\"wp-block-image size-large\"><img loading=\"lazy\" decoding=\"async\" width=\"1024\" height=\"683\" src=\"https:\/\/www.cca-acc.com\/wp-content\/uploads\/2023\/03\/DSC06120-3-1024x683.jpg\" alt=\"\" class=\"wp-image-38714\" srcset=\"https:\/\/www.cca-acc.com\/wp-content\/uploads\/2023\/03\/DSC06120-3-1024x683.jpg 1024w, https:\/\/www.cca-acc.com\/wp-content\/uploads\/2023\/03\/DSC06120-3-scaled-600x400.jpg 600w, https:\/\/www.cca-acc.com\/wp-content\/uploads\/2023\/03\/DSC06120-3-300x200.jpg 300w, https:\/\/www.cca-acc.com\/wp-content\/uploads\/2023\/03\/DSC06120-3-768x512.jpg 768w, https:\/\/www.cca-acc.com\/wp-content\/uploads\/2023\/03\/DSC06120-3-1536x1024.jpg 1536w, https:\/\/www.cca-acc.com\/wp-content\/uploads\/2023\/03\/DSC06120-3-2048x1365.jpg 2048w, https:\/\/www.cca-acc.com\/wp-content\/uploads\/2023\/03\/DSC06120-3-1200x800.jpg 1200w, https:\/\/www.cca-acc.com\/wp-content\/uploads\/2023\/03\/DSC06120-3-1980x1320.jpg 1980w\" sizes=\"auto, (max-width: 1024px) 100vw, 1024px\" \/><\/figure>\n<\/div>\n<\/div>\n\n\n\n<h4 class=\"wp-block-heading\">Approbation des documents du CCDC<\/h4>\n\n\n\n<p>Au terme de vastes consultations et de demandes de commentaires de la part des membres des conseils consultatifs nationaux (CCN) et des associations partenaires de l\u2019ACC, le conseil d\u2019administration de l\u2019ACC a approuv\u00e9 les documents du CCDC ci-dessous, y compris deux nouveaux documents \u00e9labor\u00e9s sp\u00e9cifiquement pour le Qu\u00e9bec afin de refl\u00e9ter le Code civil du Qu\u00e9bec&nbsp;:<\/p>\n\n\n\n<ul class=\"wp-block-list\">\n<li><strong>Document r\u00e9vis\u00e9&nbsp;: CCDC 2CC<\/strong><strong><\/strong><\/li>\n\n\n\n<li><strong>Document r\u00e9vis\u00e9&nbsp;: CCDC2 AT <\/strong><strong><\/strong><\/li>\n\n\n\n<li><strong>Nouveau document : CCDC 2CcQ <\/strong><\/li>\n<\/ul>\n\n\n\n<p>Et approuv\u00e9:<\/p>\n\n\n\n<ul class=\"wp-block-list\">\n<li><strong>Nouveau document : ACC 1CcQ<\/strong><\/li>\n<\/ul>\n\n\n\n<p>Les webinaires visant \u00e0 sensibiliser l\u2019industrie \u00e0 la valeur des documents du CCDC continuent d\u2019\u00eatre tr\u00e8s pris\u00e9s, et les enregistrements de ces webinaires sont accessibles aux associations locales de la construction et \u00e0 leurs membres par le biais d\u2019une <a href=\"https:\/\/webinars.ccdc.org\/fr\/\">biblioth\u00e8que en ligne<\/a>. L\u2019ACC continue \u00e0 cibler les acheteurs de services de construction pour promouvoir l\u2019utilisation de pratiques d\u2019approvisionnement \u00e9quitable, y compris les documents du CCDC. Pour plus de renseignements, veuillez consulter le site <a href=\"https:\/\/www.ccdc.org\/fr\/nouvelles-et-evenements\/\">\u00c9v\u00e9nements du CCDC<\/a> ou communiquer avec l\u2019\u00e9quipe du CCDC \u00e0 <a href=\"mailto:info@ccdc.org\">info@ccdc.org<\/a>.<\/p>\n\n\n\n<h4 class=\"wp-block-heading\">Les rapports des partenaires de l\u2019ACC fournissent une perspective nationale<\/h4>\n\n\n\n<p>Le conseil d\u2019administration appr\u00e9cie grandement les rapports que les associations provinciales et autres associations pr\u00e9parent afin de tenir le conseil inform\u00e9 des enjeux d\u2019importance nationale. Le r\u00e9sum\u00e9 des rapports des associations partenaires est <a href=\"https:\/\/www.cca-acc.com\/wp-content\/uploads\/2023\/05\/5.1-Summary-of-Partner-Reports-FR-with-link-to-all-provincial-reports.pdf\">disponible ici<\/a>.<\/p>\n\n\n\n<h4 class=\"wp-block-heading\">Journ\u00e9e sur la Colline 2023 de l\u2019ACC \u2013 changement de format<\/h4>\n\n\n\n<p>Plus tard cet automne, l\u2019ACC tiendra sa journ\u00e9e sur la Colline, mais changera quelque peu le format. L\u2019\u00e9v\u00e9nement se tiendra le premier jour, suivi d\u2019une r\u00e9ception en soir\u00e9e, et les r\u00e9unions des CCN auront lieu le lendemain. Ainsi, les CCN auront l\u2019occasion de discuter des messages cl\u00e9s qu\u2019ils auront entendus de la part des repr\u00e9sentants \u00e9lus et d\u2019\u00e9valuer si cela a un impact sur leurs travaux.<\/p>\n\n\n\n<h4 class=\"wp-block-heading\">Les CCN font avancer leurs initiatives dans l\u2019int\u00e9r\u00eat de l\u2019industrie<\/h4>\n\n\n\n<p>Chaque CCN travaille sur au moins une initiative dans le but de faire avancer les pratiques normalis\u00e9es dans l\u2019industrie. Les projets suivants sont en cours :<\/p>\n\n\n\n<ul class=\"wp-block-list\">\n<li>Une s\u00e9rie de webinaires, <a href=\"https:\/\/www.cca-acc.com\/fr\/evenements\/webinaires-connecte\/\"><em>Lisez votre contrat de construction<\/em><\/a>, visant \u00e0 sensibiliser les membres aux \u00e9l\u00e9ments essentiels d\u2019un contrat de construction, ainsi qu\u2019un guide connexe de l\u2019ACC.<\/li>\n\n\n\n<li>Recommandations sur les points d\u2019appr\u00e9ciation li\u00e9s \u00e0 l\u2019immigration par province et comment cela cadre avec le secteur de la construction.<\/li>\n\n\n\n<li>Pr\u00e9paration d\u2019un guide sur la hausse des co\u00fbts de mat\u00e9riaux\/fournitures et d\u2019un document sur les pratiques exemplaires en mati\u00e8re d\u2019inflation. Examen et commentaires sur l\u2019approche du Qu\u00e9bec en vue d\u2019une application nationale.<\/li>\n\n\n\n<li>Pr\u00e9paration d\u2019une vue d\u2019ensemble des mod\u00e8les d\u2019approvisionnement actuels et d\u2019un webinaire.<\/li>\n\n\n\n<li>Pr\u00e9paration d\u2019un webinaire de concert avec le gouvernement f\u00e9d\u00e9ral pour expliquer le syst\u00e8me d\u2019immigration \u00e0 l\u2019industrie.<\/li>\n<\/ul>\n\n\n\n<div class=\"wp-block-columns is-layout-flex wp-container-core-columns-is-layout-9d6595d7 wp-block-columns-is-layout-flex\">\n<div class=\"wp-block-column is-layout-flow wp-block-column-is-layout-flow\">\n<figure class=\"wp-block-image size-large\"><img loading=\"lazy\" decoding=\"async\" width=\"1024\" height=\"683\" src=\"https:\/\/www.cca-acc.com\/wp-content\/uploads\/2023\/03\/DSC06737-1200x800-1-1024x683.jpg\" alt=\"\" class=\"wp-image-38824\" srcset=\"https:\/\/www.cca-acc.com\/wp-content\/uploads\/2023\/03\/DSC06737-1200x800-1-1024x683.jpg 1024w, https:\/\/www.cca-acc.com\/wp-content\/uploads\/2023\/03\/DSC06737-1200x800-1-600x400.jpg 600w, https:\/\/www.cca-acc.com\/wp-content\/uploads\/2023\/03\/DSC06737-1200x800-1-300x200.jpg 300w, https:\/\/www.cca-acc.com\/wp-content\/uploads\/2023\/03\/DSC06737-1200x800-1-768x512.jpg 768w, https:\/\/www.cca-acc.com\/wp-content\/uploads\/2023\/03\/DSC06737-1200x800-1.jpg 1200w\" sizes=\"auto, (max-width: 1024px) 100vw, 1024px\" \/><\/figure>\n<\/div>\n\n\n\n<div class=\"wp-block-column is-layout-flow wp-block-column-is-layout-flow\">\n<figure class=\"wp-block-image size-large\"><img loading=\"lazy\" decoding=\"async\" width=\"1024\" height=\"683\" src=\"https:\/\/www.cca-acc.com\/wp-content\/uploads\/2023\/03\/DSC05605-1024x683.jpg\" alt=\"\" class=\"wp-image-38822\" srcset=\"https:\/\/www.cca-acc.com\/wp-content\/uploads\/2023\/03\/DSC05605-1024x683.jpg 1024w, https:\/\/www.cca-acc.com\/wp-content\/uploads\/2023\/03\/DSC05605-scaled-600x400.jpg 600w, https:\/\/www.cca-acc.com\/wp-content\/uploads\/2023\/03\/DSC05605-300x200.jpg 300w, https:\/\/www.cca-acc.com\/wp-content\/uploads\/2023\/03\/DSC05605-768x512.jpg 768w, https:\/\/www.cca-acc.com\/wp-content\/uploads\/2023\/03\/DSC05605-1536x1024.jpg 1536w, https:\/\/www.cca-acc.com\/wp-content\/uploads\/2023\/03\/DSC05605-2048x1365.jpg 2048w, https:\/\/www.cca-acc.com\/wp-content\/uploads\/2023\/03\/DSC05605-1200x800.jpg 1200w, https:\/\/www.cca-acc.com\/wp-content\/uploads\/2023\/03\/DSC05605-1980x1320.jpg 1980w\" sizes=\"auto, (max-width: 1024px) 100vw, 1024px\" \/><\/figure>\n<\/div>\n\n\n\n<div class=\"wp-block-column is-layout-flow wp-block-column-is-layout-flow\">\n<figure class=\"wp-block-image size-full is-style-default\"><img loading=\"lazy\" decoding=\"async\" width=\"1024\" height=\"683\" src=\"https:\/\/www.cca-acc.com\/wp-content\/uploads\/2023\/03\/DSC06809-1024x683-1.jpg\" alt=\"\" class=\"wp-image-38826\" srcset=\"https:\/\/www.cca-acc.com\/wp-content\/uploads\/2023\/03\/DSC06809-1024x683-1.jpg 1024w, https:\/\/www.cca-acc.com\/wp-content\/uploads\/2023\/03\/DSC06809-1024x683-1-600x400.jpg 600w, https:\/\/www.cca-acc.com\/wp-content\/uploads\/2023\/03\/DSC06809-1024x683-1-300x200.jpg 300w, https:\/\/www.cca-acc.com\/wp-content\/uploads\/2023\/03\/DSC06809-1024x683-1-768x512.jpg 768w\" sizes=\"auto, (max-width: 1024px) 100vw, 1024px\" \/><\/figure>\n<\/div>\n<\/div>\n\n\n\n<div class=\"wp-block-columns is-layout-flex wp-container-core-columns-is-layout-9d6595d7 wp-block-columns-is-layout-flex\">\n<div class=\"wp-block-column is-layout-flow wp-block-column-is-layout-flow\">\n<figure class=\"wp-block-image size-full\"><img loading=\"lazy\" decoding=\"async\" width=\"1024\" height=\"683\" src=\"https:\/\/www.cca-acc.com\/wp-content\/uploads\/2023\/03\/DSC06834-1024x683-1.jpg\" alt=\"\" class=\"wp-image-38828\" srcset=\"https:\/\/www.cca-acc.com\/wp-content\/uploads\/2023\/03\/DSC06834-1024x683-1.jpg 1024w, https:\/\/www.cca-acc.com\/wp-content\/uploads\/2023\/03\/DSC06834-1024x683-1-600x400.jpg 600w, https:\/\/www.cca-acc.com\/wp-content\/uploads\/2023\/03\/DSC06834-1024x683-1-300x200.jpg 300w, https:\/\/www.cca-acc.com\/wp-content\/uploads\/2023\/03\/DSC06834-1024x683-1-768x512.jpg 768w\" sizes=\"auto, (max-width: 1024px) 100vw, 1024px\" \/><\/figure>\n<\/div>\n\n\n\n<div class=\"wp-block-column is-layout-flow wp-block-column-is-layout-flow\">\n<figure class=\"wp-block-image size-large\"><img loading=\"lazy\" decoding=\"async\" width=\"1024\" height=\"683\" src=\"https:\/\/www.cca-acc.com\/wp-content\/uploads\/2023\/03\/DSC06839-1024x683.jpg\" alt=\"\" class=\"wp-image-38728\" srcset=\"https:\/\/www.cca-acc.com\/wp-content\/uploads\/2023\/03\/DSC06839-1024x683.jpg 1024w, https:\/\/www.cca-acc.com\/wp-content\/uploads\/2023\/03\/DSC06839-scaled-600x400.jpg 600w, https:\/\/www.cca-acc.com\/wp-content\/uploads\/2023\/03\/DSC06839-300x200.jpg 300w, https:\/\/www.cca-acc.com\/wp-content\/uploads\/2023\/03\/DSC06839-768x512.jpg 768w, https:\/\/www.cca-acc.com\/wp-content\/uploads\/2023\/03\/DSC06839-1536x1024.jpg 1536w, https:\/\/www.cca-acc.com\/wp-content\/uploads\/2023\/03\/DSC06839-2048x1365.jpg 2048w, https:\/\/www.cca-acc.com\/wp-content\/uploads\/2023\/03\/DSC06839-1200x800.jpg 1200w, https:\/\/www.cca-acc.com\/wp-content\/uploads\/2023\/03\/DSC06839-1980x1320.jpg 1980w\" sizes=\"auto, (max-width: 1024px) 100vw, 1024px\" \/><\/figure>\n<\/div>\n\n\n\n<div class=\"wp-block-column is-layout-flow wp-block-column-is-layout-flow\">\n<figure class=\"wp-block-image size-full is-style-default\"><img loading=\"lazy\" decoding=\"async\" width=\"1024\" height=\"683\" src=\"https:\/\/www.cca-acc.com\/wp-content\/uploads\/2023\/03\/DSC06900-1024x683-1.jpg\" alt=\"\" class=\"wp-image-38830\" srcset=\"https:\/\/www.cca-acc.com\/wp-content\/uploads\/2023\/03\/DSC06900-1024x683-1.jpg 1024w, https:\/\/www.cca-acc.com\/wp-content\/uploads\/2023\/03\/DSC06900-1024x683-1-600x400.jpg 600w, https:\/\/www.cca-acc.com\/wp-content\/uploads\/2023\/03\/DSC06900-1024x683-1-300x200.jpg 300w, https:\/\/www.cca-acc.com\/wp-content\/uploads\/2023\/03\/DSC06900-1024x683-1-768x512.jpg 768w\" sizes=\"auto, (max-width: 1024px) 100vw, 1024px\" \/><\/figure>\n<\/div>\n<\/div>\n\n\n\n<h4 class=\"wp-block-heading\">Assembl\u00e9e g\u00e9n\u00e9rale annuelle<\/h4>\n\n\n\n<p>Outre l\u2019\u00e9lection des candidats au conseil d\u2019administration de 2023-2024 (<a href=\"https:\/\/www.cca-acc.com\/fr\/brendan-nobes-siegera-une-deuxieme-annee-a-la-presidence-du-conseil-de-lassociation-canadienne-de-la-construction\/\">lisez notre communiqu\u00e9<\/a>), les membres ont approuv\u00e9 de nouvelles modifications au r\u00e8glement administratif qui permettent de prolonger le mandat du pr\u00e9sident du conseil pendant une deuxi\u00e8me ann\u00e9e facultative et de convoquer des r\u00e9unions \u00e9lectroniques (virtuelles).<\/p>\n\n\n\n<figure class=\"wp-block-gallery has-nested-images columns-default is-cropped wp-block-gallery-1 is-layout-flex wp-block-gallery-is-layout-flex\">\n<figure class=\"wp-block-image size-full\"><img loading=\"lazy\" decoding=\"async\" width=\"1024\" height=\"683\" data-id=\"38849\" src=\"https:\/\/www.cca-acc.com\/wp-content\/uploads\/2023\/03\/DSC07092-1024x683-3.jpg\" alt=\"\" class=\"wp-image-38849\" srcset=\"https:\/\/www.cca-acc.com\/wp-content\/uploads\/2023\/03\/DSC07092-1024x683-3.jpg 1024w, https:\/\/www.cca-acc.com\/wp-content\/uploads\/2023\/03\/DSC07092-1024x683-3-600x400.jpg 600w, https:\/\/www.cca-acc.com\/wp-content\/uploads\/2023\/03\/DSC07092-1024x683-3-300x200.jpg 300w, https:\/\/www.cca-acc.com\/wp-content\/uploads\/2023\/03\/DSC07092-1024x683-3-768x512.jpg 768w\" sizes=\"auto, (max-width: 1024px) 100vw, 1024px\" \/><\/figure>\n\n\n\n<figure class=\"wp-block-image size-full\"><img loading=\"lazy\" decoding=\"async\" width=\"1024\" height=\"683\" data-id=\"38834\" src=\"https:\/\/www.cca-acc.com\/wp-content\/uploads\/2023\/03\/DSC07149-1024x683-1.jpg\" alt=\"\" class=\"wp-image-38834\" srcset=\"https:\/\/www.cca-acc.com\/wp-content\/uploads\/2023\/03\/DSC07149-1024x683-1.jpg 1024w, https:\/\/www.cca-acc.com\/wp-content\/uploads\/2023\/03\/DSC07149-1024x683-1-600x400.jpg 600w, https:\/\/www.cca-acc.com\/wp-content\/uploads\/2023\/03\/DSC07149-1024x683-1-300x200.jpg 300w, https:\/\/www.cca-acc.com\/wp-content\/uploads\/2023\/03\/DSC07149-1024x683-1-768x512.jpg 768w\" sizes=\"auto, (max-width: 1024px) 100vw, 1024px\" \/><\/figure>\n\n\n\n<figure class=\"wp-block-image size-full\"><img loading=\"lazy\" decoding=\"async\" width=\"1024\" height=\"683\" data-id=\"38832\" src=\"https:\/\/www.cca-acc.com\/wp-content\/uploads\/2023\/03\/DSC07272-1024x683-1.jpg\" alt=\"\" class=\"wp-image-38832\" srcset=\"https:\/\/www.cca-acc.com\/wp-content\/uploads\/2023\/03\/DSC07272-1024x683-1.jpg 1024w, https:\/\/www.cca-acc.com\/wp-content\/uploads\/2023\/03\/DSC07272-1024x683-1-600x400.jpg 600w, https:\/\/www.cca-acc.com\/wp-content\/uploads\/2023\/03\/DSC07272-1024x683-1-300x200.jpg 300w, https:\/\/www.cca-acc.com\/wp-content\/uploads\/2023\/03\/DSC07272-1024x683-1-768x512.jpg 768w\" sizes=\"auto, (max-width: 1024px) 100vw, 1024px\" \/><\/figure>\n<\/figure>\n\n\n\n<h4 class=\"wp-block-heading\">R\u00e9union du nouveau conseil d\u2019administration<\/h4>\n\n\n\n<p>Le conseil d\u2019administration a confirm\u00e9 la nomination des membres aux <a href=\"https:\/\/www.cca-acc.com\/fr\/a-propos-de-lacc\/governance\/comites-du-conseil-dadministration\/\">comit\u00e9s du conseil<\/a> et aux <a href=\"https:\/\/www.cca-acc.com\/fr\/a-propos-de-lacc\/governance\/conseils-consultatifs-nationaux\/\">conseils consultatifs nationaux<\/a>. Merci \u00e0 tous ceux qui ont soumis leur candidature. Nous attendons avec impatience de travailler avec vous cette ann\u00e9e!<\/p>\n\n\n\n<h4 class=\"wp-block-heading\">Prochaines r\u00e9unions<\/h4>\n\n\n\n<ul class=\"wp-block-list\">\n<li><strong>R\u00e9union du conseil d\u2019administration de l\u2019ACC<\/strong><br>La prochaine r\u00e9union du conseil d\u2019administration de l\u2019ACC aura lieu \u00e0 Kelowna, en Colombie-Britannique, du 7 au 10 juin 2023. <em>*r\u00e9union \u00e0 huis clos.<\/em><\/li>\n<\/ul>\n\n\n\n<ul class=\"wp-block-list\">\n<li><strong>R\u00e9unions des conseils consultatifs nationaux<\/strong><strong><\/strong><br>Les conseils consultatifs nationaux se r\u00e9uniront virtuellement les 12 et 13 juin, et <strong>les observateurs sont les bienvenus<\/strong>. Veuillez inscrire ces dates \u00e0 votre calendrier! Si vous d\u00e9sirez participer en tant qu\u2019observateur, veuillez envoyer un courriel \u00e0 <a href=\"mailto:inforegistration@cca-acc.com\">inforegistration@cca-acc.com<\/a>.<\/li>\n<\/ul>\n\n\n\n<ul class=\"wp-block-list\">\n<li><strong>Conf\u00e9rence annuelle de l\u2019ACC de 2024<\/strong><br>La prochaine <a href=\"https:\/\/www.cca-acc.com\/fr\/evenements\/conference-annuelle-acc\/\">Conf\u00e9rence annuelle de l\u2019ACC<\/a> aura lieu \u00e0 Punta Cana, en R\u00e9publique dominicaine, du 12 au 15 mars 2024.<\/li>\n<\/ul>\n\n\n\n<p>Comme toujours, nous nous ferons un plaisir de participer \u00e0 vos assembl\u00e9es g\u00e9n\u00e9rales annuelles, r\u00e9unions de conseil d\u2019administration ou r\u00e9unions des membres. Vous n\u2019avez qu\u2019\u00e0 communiquer avec Patricia Gougeon \u00e0 <a href=\"mailto:pgougeon@cca-acc.com\">pgougeon@cca-acc.com<\/a> pour organiser une rencontre!&nbsp;to schedule us!<\/p>\n\n\n\n<hr class=\"wp-block-separator has-alpha-channel-opacity\"\/>\n","protected":false},"featured_media":39222,"menu_order":0,"template":"","class_list":["post-38778","cca_plus","type-cca_plus","status-publish","has-post-thumbnail","hentry","cca_plus_category-le-coin-de-lacc"],"acf":[],"_links":{"self":[{"href":"https:\/\/www.cca-acc.com\/fr\/wp-json\/wp\/v2\/cca_plus\/38778","targetHints":{"allow":["GET"]}}],"collection":[{"href":"https:\/\/www.cca-acc.com\/fr\/wp-json\/wp\/v2\/cca_plus"}],"about":[{"href":"https:\/\/www.cca-acc.com\/fr\/wp-json\/wp\/v2\/types\/cca_plus"}],"version-history":[{"count":1,"href":"https:\/\/www.cca-acc.com\/fr\/wp-json\/wp\/v2\/cca_plus\/38778\/revisions"}],"predecessor-version":[{"id":40159,"href":"https:\/\/www.cca-acc.com\/fr\/wp-json\/wp\/v2\/cca_plus\/38778\/revisions\/40159"}],"wp:featuredmedia":[{"embeddable":true,"href":"https:\/\/www.cca-acc.com\/fr\/wp-json\/wp\/v2\/media\/39222"}],"wp:attachment":[{"href":"https:\/\/www.cca-acc.com\/fr\/wp-json\/wp\/v2\/media?parent=38778"}],"curies":[{"name":"wp","href":"https:\/\/api.w.org\/{rel}","templated":true}]}}