{"id":41270,"date":"2023-06-26T10:00:00","date_gmt":"2023-06-26T14:00:00","guid":{"rendered":"https:\/\/www.cca-acc.com\/?post_type=cca_plus&#038;p=41270"},"modified":"2023-06-27T10:29:31","modified_gmt":"2023-06-27T14:29:31","slug":"la-reunion-de-juin-du-conseil-dadministration-de-lacc-se-concentre-sur-la-valeur-de-lassociation-pour-les-membres","status":"publish","type":"cca_plus","link":"https:\/\/www.cca-acc.com\/fr\/plus\/la-reunion-de-juin-du-conseil-dadministration-de-lacc-se-concentre-sur-la-valeur-de-lassociation-pour-les-membres\/","title":{"rendered":"La r\u00e9union de juin du conseil d\u2019administration de l\u2019ACC se concentre sur la valeur de l\u2019association pour les membres"},"content":{"rendered":"\n<p>Le conseil d\u2019administration r\u00e9cemment \u00e9lu de l\u2019ACC s\u2019est r\u00e9uni ce mois-ci \u00e0 Kelowna, en Colombie-Britannique, pour examiner les progr\u00e8s r\u00e9alis\u00e9s par l\u2019Association dans le cadre de son <a href=\"https:\/\/plan.cca-acc.com\/fr.html\" target=\"_blank\" rel=\"noreferrer noopener\">plan strat\u00e9gique<\/a> et pour \u00e9tudier ses priorit\u00e9s pour&nbsp;2024. La priorit\u00e9 du conseil d\u2019administration \u00e9tait de continuer de travailler avec ses associations partenaires afin de mieux d\u00e9finir et communiquer la valeur d\u2019une l\u2019adh\u00e9sion \u00e0 une association locale, provinciale et nationale.<\/p>\n\n\n\n<p><strong>Le partenariat entre l\u2019ACC et le Programme canadien de services d\u2019apprentissage est b\u00e9n\u00e9fique pour tout le monde<\/strong><strong><\/strong><\/p>\n\n\n\n<p>Le conseil d\u2019administration a \u00e9t\u00e9 inform\u00e9 que le <a rel=\"noreferrer noopener\" href=\"https:\/\/apprenticesearch.com\/fr\/cas\" target=\"_blank\">Programme canadien de services d\u2019apprentissage<\/a>, en partenariat avec le <a href=\"https:\/\/caf-fca.org\/fr\/\" target=\"_blank\" rel=\"noreferrer noopener\">Forum canadien sur l\u2019apprentissage<\/a>, augmente son nombre d\u2019approbations de financement afin d\u2019aider les entreprises \u00e0 embaucher plus d\u2019apprentis, approbations qui ont doubl\u00e9 au cours des derniers mois. C\u2019est un signe encourageant qui devrait inciter davantage de canadiens et de canadiennes \u00e0 envisager une carri\u00e8re \u00e0 long terme dans le secteur de la construction.<\/p>\n\n\n\n<p>Ce partenariat g\u00e9n\u00e8re \u00e9galement pr\u00e8s d\u2019un million de dollars en nouvelles recettes pour les associations partenaires int\u00e9gr\u00e9es, car l\u2019ACC ach\u00e8te des m\u00e9dias des associations afin de promouvoir cette promotion.<\/p>\n\n\n\n<p>Les membres, les travailleurs et les associations partenaires int\u00e9gr\u00e9es y trouvent ainsi leur compte!<\/p>\n\n\n\n<figure class=\"wp-block-gallery aligncenter has-nested-images columns-default is-cropped wp-block-gallery-1 is-layout-flex wp-block-gallery-is-layout-flex\">\n<figure class=\"wp-block-image size-large\"><img loading=\"lazy\" decoding=\"async\" width=\"1024\" height=\"787\" data-id=\"41205\" src=\"https:\/\/www.cca-acc.com\/wp-content\/uploads\/2023\/06\/20230608_011905491_iOS-1024x787.jpg\" alt=\"\" class=\"wp-image-41205\" srcset=\"https:\/\/www.cca-acc.com\/wp-content\/uploads\/2023\/06\/20230608_011905491_iOS-1024x787.jpg 1024w, https:\/\/www.cca-acc.com\/wp-content\/uploads\/2023\/06\/20230608_011905491_iOS-scaled-600x461.jpg 600w, https:\/\/www.cca-acc.com\/wp-content\/uploads\/2023\/06\/20230608_011905491_iOS-300x231.jpg 300w, https:\/\/www.cca-acc.com\/wp-content\/uploads\/2023\/06\/20230608_011905491_iOS-768x590.jpg 768w, https:\/\/www.cca-acc.com\/wp-content\/uploads\/2023\/06\/20230608_011905491_iOS-1536x1181.jpg 1536w, https:\/\/www.cca-acc.com\/wp-content\/uploads\/2023\/06\/20230608_011905491_iOS-2048x1575.jpg 2048w, https:\/\/www.cca-acc.com\/wp-content\/uploads\/2023\/06\/20230608_011905491_iOS-1200x923.jpg 1200w, https:\/\/www.cca-acc.com\/wp-content\/uploads\/2023\/06\/20230608_011905491_iOS-1980x1522.jpg 1980w\" sizes=\"auto, (max-width: 1024px) 100vw, 1024px\" \/><\/figure>\n\n\n\n<figure class=\"wp-block-image size-large\"><img loading=\"lazy\" decoding=\"async\" width=\"1024\" height=\"787\" data-id=\"41199\" src=\"https:\/\/www.cca-acc.com\/wp-content\/uploads\/2023\/06\/20230608_012127164_iOS-1024x787.jpg\" alt=\"\" class=\"wp-image-41199\" srcset=\"https:\/\/www.cca-acc.com\/wp-content\/uploads\/2023\/06\/20230608_012127164_iOS-1024x787.jpg 1024w, https:\/\/www.cca-acc.com\/wp-content\/uploads\/2023\/06\/20230608_012127164_iOS-scaled-600x461.jpg 600w, https:\/\/www.cca-acc.com\/wp-content\/uploads\/2023\/06\/20230608_012127164_iOS-300x231.jpg 300w, https:\/\/www.cca-acc.com\/wp-content\/uploads\/2023\/06\/20230608_012127164_iOS-768x590.jpg 768w, https:\/\/www.cca-acc.com\/wp-content\/uploads\/2023\/06\/20230608_012127164_iOS-1536x1181.jpg 1536w, https:\/\/www.cca-acc.com\/wp-content\/uploads\/2023\/06\/20230608_012127164_iOS-2048x1575.jpg 2048w, https:\/\/www.cca-acc.com\/wp-content\/uploads\/2023\/06\/20230608_012127164_iOS-1200x923.jpg 1200w, https:\/\/www.cca-acc.com\/wp-content\/uploads\/2023\/06\/20230608_012127164_iOS-1980x1522.jpg 1980w\" sizes=\"auto, (max-width: 1024px) 100vw, 1024px\" \/><\/figure>\n\n\n\n<figure class=\"wp-block-image size-large\"><img loading=\"lazy\" decoding=\"async\" width=\"1024\" height=\"787\" data-id=\"41203\" src=\"https:\/\/www.cca-acc.com\/wp-content\/uploads\/2023\/06\/20230608_012510774_iOS-1024x787.jpg\" alt=\"\" class=\"wp-image-41203\" srcset=\"https:\/\/www.cca-acc.com\/wp-content\/uploads\/2023\/06\/20230608_012510774_iOS-1024x787.jpg 1024w, https:\/\/www.cca-acc.com\/wp-content\/uploads\/2023\/06\/20230608_012510774_iOS-scaled-600x461.jpg 600w, https:\/\/www.cca-acc.com\/wp-content\/uploads\/2023\/06\/20230608_012510774_iOS-300x231.jpg 300w, https:\/\/www.cca-acc.com\/wp-content\/uploads\/2023\/06\/20230608_012510774_iOS-768x590.jpg 768w, https:\/\/www.cca-acc.com\/wp-content\/uploads\/2023\/06\/20230608_012510774_iOS-1536x1181.jpg 1536w, https:\/\/www.cca-acc.com\/wp-content\/uploads\/2023\/06\/20230608_012510774_iOS-2048x1575.jpg 2048w, https:\/\/www.cca-acc.com\/wp-content\/uploads\/2023\/06\/20230608_012510774_iOS-1200x923.jpg 1200w, https:\/\/www.cca-acc.com\/wp-content\/uploads\/2023\/06\/20230608_012510774_iOS-1980x1522.jpg 1980w\" sizes=\"auto, (max-width: 1024px) 100vw, 1024px\" \/><\/figure>\n\n\n\n<figure class=\"wp-block-image size-large\"><img loading=\"lazy\" decoding=\"async\" width=\"1024\" height=\"787\" data-id=\"41197\" src=\"https:\/\/www.cca-acc.com\/wp-content\/uploads\/2023\/06\/20230608_011936947_iOS-1024x787.jpg\" alt=\"\" class=\"wp-image-41197\" srcset=\"https:\/\/www.cca-acc.com\/wp-content\/uploads\/2023\/06\/20230608_011936947_iOS-1024x787.jpg 1024w, https:\/\/www.cca-acc.com\/wp-content\/uploads\/2023\/06\/20230608_011936947_iOS-scaled-600x461.jpg 600w, https:\/\/www.cca-acc.com\/wp-content\/uploads\/2023\/06\/20230608_011936947_iOS-300x231.jpg 300w, https:\/\/www.cca-acc.com\/wp-content\/uploads\/2023\/06\/20230608_011936947_iOS-768x590.jpg 768w, https:\/\/www.cca-acc.com\/wp-content\/uploads\/2023\/06\/20230608_011936947_iOS-1536x1181.jpg 1536w, https:\/\/www.cca-acc.com\/wp-content\/uploads\/2023\/06\/20230608_011936947_iOS-2048x1575.jpg 2048w, https:\/\/www.cca-acc.com\/wp-content\/uploads\/2023\/06\/20230608_011936947_iOS-1200x923.jpg 1200w, https:\/\/www.cca-acc.com\/wp-content\/uploads\/2023\/06\/20230608_011936947_iOS-1980x1522.jpg 1980w\" sizes=\"auto, (max-width: 1024px) 100vw, 1024px\" \/><\/figure>\n\n\n\n<figure class=\"wp-block-image size-large\"><img loading=\"lazy\" decoding=\"async\" width=\"1024\" height=\"787\" data-id=\"41267\" src=\"https:\/\/www.cca-acc.com\/wp-content\/uploads\/2023\/06\/20230610_004921016_iOS-1024x787.jpg\" alt=\"\" class=\"wp-image-41267\" srcset=\"https:\/\/www.cca-acc.com\/wp-content\/uploads\/2023\/06\/20230610_004921016_iOS-1024x787.jpg 1024w, https:\/\/www.cca-acc.com\/wp-content\/uploads\/2023\/06\/20230610_004921016_iOS-scaled-600x461.jpg 600w, https:\/\/www.cca-acc.com\/wp-content\/uploads\/2023\/06\/20230610_004921016_iOS-300x231.jpg 300w, https:\/\/www.cca-acc.com\/wp-content\/uploads\/2023\/06\/20230610_004921016_iOS-768x590.jpg 768w, https:\/\/www.cca-acc.com\/wp-content\/uploads\/2023\/06\/20230610_004921016_iOS-1536x1181.jpg 1536w, https:\/\/www.cca-acc.com\/wp-content\/uploads\/2023\/06\/20230610_004921016_iOS-2048x1575.jpg 2048w, https:\/\/www.cca-acc.com\/wp-content\/uploads\/2023\/06\/20230610_004921016_iOS-1200x923.jpg 1200w, https:\/\/www.cca-acc.com\/wp-content\/uploads\/2023\/06\/20230610_004921016_iOS-1980x1522.jpg 1980w\" sizes=\"auto, (max-width: 1024px) 100vw, 1024px\" \/><\/figure>\n<\/figure>\n\n\n\n<h4 class=\"wp-block-heading\"><strong>Un pas de plus vers l\u2019ajout des associations partenaires int\u00e9gr\u00e9es en tant que membres<\/strong><\/h4>\n\n\n\n<p>Le conseil d\u2019administration a examin\u00e9 les recommandations relatives \u00e0 la modification des statuts et des proc\u00e9dures afin d\u2019inclure les associations partenaires int\u00e9gr\u00e9es en tant que membres de l\u2019ACC. Un dernier examen aura lieu aupr\u00e8s du groupe de travail, du comit\u00e9 de gouvernance et des nominations, puis aupr\u00e8s du conseil d\u2019administration lors de sa r\u00e9union de septembre pour approbation. Les modifications seront ensuite soumises \u00e0 l\u2019approbation de l\u2019assembl\u00e9e g\u00e9n\u00e9rale annuelle (AGA) de mars.<\/p>\n\n\n\n<figure class=\"wp-block-image size-large\"><img loading=\"lazy\" decoding=\"async\" width=\"1024\" height=\"341\" src=\"https:\/\/www.cca-acc.com\/wp-content\/uploads\/2023\/06\/june-board-meet2023-1024x341.jpg\" alt=\"\" class=\"wp-image-41265\" srcset=\"https:\/\/www.cca-acc.com\/wp-content\/uploads\/2023\/06\/june-board-meet2023-1024x341.jpg 1024w, https:\/\/www.cca-acc.com\/wp-content\/uploads\/2023\/06\/june-board-meet2023-600x200.jpg 600w, https:\/\/www.cca-acc.com\/wp-content\/uploads\/2023\/06\/june-board-meet2023-300x100.jpg 300w, https:\/\/www.cca-acc.com\/wp-content\/uploads\/2023\/06\/june-board-meet2023-768x256.jpg 768w, https:\/\/www.cca-acc.com\/wp-content\/uploads\/2023\/06\/june-board-meet2023-1536x512.jpg 1536w, https:\/\/www.cca-acc.com\/wp-content\/uploads\/2023\/06\/june-board-meet2023-2048x683.jpg 2048w, https:\/\/www.cca-acc.com\/wp-content\/uploads\/2023\/06\/june-board-meet2023-1200x400.jpg 1200w, https:\/\/www.cca-acc.com\/wp-content\/uploads\/2023\/06\/june-board-meet2023-1980x660.jpg 1980w\" sizes=\"auto, (max-width: 1024px) 100vw, 1024px\" \/><\/figure>\n\n\n\n<h4 class=\"wp-block-heading\"><strong>Les documents num\u00e9riques du CCDC progressent bien<\/strong><\/h4>\n\n\n\n<p>Le projet progresse bien, les premiers essais pilotes aupr\u00e8s des utilisateurs et la strat\u00e9gie de tarification \u00e9tant sur le point d\u2019\u00eatre achev\u00e9s. Nous pr\u00e9voyons de commencer le d\u00e9ploiement aupr\u00e8s de quelques associations partenaires cet \u00e9t\u00e9, puis d\u2019\u00e9tendre le projet \u00e0 d\u2019autres associations \u00e0 l\u2019automne.<\/p>\n\n\n\n<h4 class=\"wp-block-heading\"><strong><strong>Le conseil consultatif national MFS r\u00e9ussit un grand coup<\/strong><\/strong><\/h4>\n\n\n\n<p>Les copr\u00e9sidente et copr\u00e9sident du conseil consultatif national des manufacturiers, fournisseurs et services (FFS), Amber Sandhu et Glenn Ackerley, soutenus par le vice-pr\u00e9sident de l\u2019ACC charg\u00e9 du marketing, de l\u2019innovation et de la collaboration avec l\u2019industrie, Kenny Leon, ont dirig\u00e9 un groupe de travail charg\u00e9 d\u2019\u00e9laborer et de diffuser une s\u00e9rie de webinaires en cinq parties intitul\u00e9e \u00ab&nbsp;<a href=\"https:\/\/www.cca-acc.com\/fr\/evenements\/webinaires-connecte\/enregistrements-des-webinaires-precedents\/\" target=\"_blank\" rel=\"noreferrer noopener\">Lisez votre contrat de construction<\/a>&nbsp;\u00bb. Plus de 400&nbsp;membres et professionnels du secteur se sont inscrits \u00e0 chacun des webinaires de la s\u00e9rie, dont le taux de satisfaction global a atteint&nbsp;97&nbsp;%.<\/p>\n\n\n\n<p>Il s\u2019agit l\u00e0 d\u2019un excellent exemple de collaboration entre les b\u00e9n\u00e9voles de l\u2019ACC, qui partagent leur expertise au profit de l\u2019industrie. Nous remercions tout particuli\u00e8rement les membres du sous-comit\u00e9, qui ont travaill\u00e9 sans rel\u00e2che pour donner vie \u00e0 cette s\u00e9rie.<\/p>\n\n\n\n<div class=\"wp-block-buttons is-layout-flex wp-block-buttons-is-layout-flex\">\n<div class=\"wp-block-button has-custom-font-size has-small-font-size\"><a class=\"wp-block-button__link has-brand-background-color has-background wp-element-button\" href=\"https:\/\/www.cca-acc.com\/fr\/evenements\/webinaires-connecte\/enregistrements-des-webinaires-precedents\/\" target=\"_blank\" rel=\"noreferrer noopener\"><strong>REGARDEZ LES ENREGISTREMENTS DES WEBINAIRES<\/strong><\/a><\/div>\n<\/div>\n\n\n\n<h4 class=\"wp-block-heading\"><strong><strong>La main-d\u2019\u0153uvre reste la principale pr\u00e9occupation des membres<\/strong><\/strong><\/h4>\n\n\n\n<p>Les rapports que les associations partenaires ont pr\u00e9sent\u00e9s au conseil d\u2019administration de l\u2019ACC ont r\u00e9v\u00e9l\u00e9 que les membres de partout au Canada font toujours \u00e9tat de graves p\u00e9nuries de main-d\u2019\u0153uvre et que les associations mettent en \u0153uvre de nombreuses initiatives pour y rem\u00e9dier. Parmi les programmes passionnants, citons l\u2019envoi de simulateurs d\u2019emplois du secteur civil dans les \u00e9coles secondaires et des initiatives visant \u00e0 aider les nouveaux canadiens et les nouvelles canadiennes \u00e0 occuper des postes dans le secteur de la construction.<\/p>\n\n\n\n<div class=\"wp-block-buttons has-custom-font-size has-normal-font-size is-layout-flex wp-block-buttons-is-layout-flex\">\n<div class=\"wp-block-button has-custom-font-size has-small-font-size\"><a class=\"wp-block-button__link has-brand-background-color has-background wp-element-button\" href=\"https:\/\/www.cca-acc.com\/wp-content\/uploads\/2023\/06\/Rapports-provinciaux-FR-juin-2023.pdf\" target=\"_blank\" rel=\"noreferrer noopener\"><strong>LISEZ LES RAPPORTS<\/strong><\/a><\/div>\n<\/div>\n\n\n\n<p>Parmi les autres enjeux prioritaires des membres de partout au pays&nbsp;: la l\u00e9gislation sur le paiement rapide, les pr\u00e9occupations concernant l\u2019approvisionnement social, les opportunit\u00e9s li\u00e9es aux b\u00e2timents \u00e9cologiques, les impacts n\u00e9gatifs de l\u2019inflation, et le travail continu de l\u2019ACC pour faire progresser les march\u00e9s publics \u00e9quitables \u00e0 tous les niveaux de gouvernement.<\/p>\n\n\n\n<hr class=\"wp-block-separator has-alpha-channel-opacity\"\/>\n\n\n\n<h4 class=\"wp-block-heading\"><strong><strong>R\u00e9unions \u00e0 venir<\/strong><\/strong><\/h4>\n\n\n\n<ul class=\"wp-block-list\">\n<li><strong>R\u00e9union du conseil d\u2019administration de l\u2019ACC<\/strong><br>La prochaine r\u00e9union du conseil d\u2019administration de l\u2019ACC aura lieu \u00e0 Winnipeg, le 12&nbsp;septembre2023 <em>(r\u00e9union \u00e0 huis clos)<\/em>.<em><\/em><\/li>\n<\/ul>\n\n\n\n<ul class=\"wp-block-list\">\n<li><strong>Journ\u00e9e de la Colline&nbsp;2023, Ottawa<\/strong><br>Cet \u00e9v\u00e9nement annuel rassemble des membres de partout au Canada qui viennent pr\u00e9senter d\u2019importantes demandes de l\u2019industrie aux parlementaires de tous les partis lors de r\u00e9unions qui se d\u00e9roulent tout au long de la journ\u00e9e. Cet \u00e9v\u00e9nement offre \u00e9galement une r\u00e9ception o\u00f9 les gens peuvent se rencontrer.<br>7&nbsp;novembre&nbsp;2023&nbsp;: Journ\u00e9e de la Colline et r\u00e9ception<\/li>\n<\/ul>\n\n\n\n<ul class=\"wp-block-list\">\n<li><strong>R\u00e9unions des conseils consultatifs nationaux<\/strong><br>Les conseils consultatifs nationaux se r\u00e9uniront en personne \u00e0 Ottawa le 8&nbsp;novembre, les <strong>observateurs sont les bienvenus<\/strong>. Inscrivez ces \u00e9v\u00e9nements \u00e0 vos calendriers! Si vous souhaitez observer les r\u00e9unions, veuillez envoyer un courriel \u00e0 <a href=\"mailto:inforegistration@cca-acc.com\" target=\"_blank\" rel=\"noreferrer noopener\">inforegistration@cca-acc.com<\/a>.<\/li>\n<\/ul>\n\n\n\n<ul class=\"wp-block-list\">\n<li><strong>Conf\u00e9rence annuelle&nbsp;2024<\/strong><br>La <a href=\"https:\/\/www.cca-acc.com\/fr\/evenements\/conference-annuelle-acc\/\" target=\"_blank\" rel=\"noreferrer noopener\">Conf\u00e9rence annuelle de l\u2019ACC<\/a> aura lieu du 12&nbsp;au 15&nbsp;mars&nbsp;2024 au Paradisus Palma Real Golf and Spa Resort de Punta Cana, en R\u00e9publique dominicaine.<\/li>\n<\/ul>\n\n\n\n<p>Comme toujours, nous sommes heureux de participer \u00e0 vos AGA, r\u00e9unions de conseil d\u2019administration ou r\u00e9unions de membres. Pour prendre un rendez-vous avec nous, vous n\u2019avez qu\u2019\u00e0 communiquer avec Patricia Gougeon \u00e0 l\u2019adresse suivante&nbsp;: <a href=\"mailto:pgougeon@cca-acc.com\" target=\"_blank\" rel=\"noreferrer noopener\">pgougeon@cca-acc.com<\/a><\/p>\n","protected":false},"featured_media":41209,"menu_order":0,"template":"","class_list":["post-41270","cca_plus","type-cca_plus","status-publish","has-post-thumbnail","hentry","cca_plus_category-le-coin-de-lacc"],"acf":[],"_links":{"self":[{"href":"https:\/\/www.cca-acc.com\/fr\/wp-json\/wp\/v2\/cca_plus\/41270","targetHints":{"allow":["GET"]}}],"collection":[{"href":"https:\/\/www.cca-acc.com\/fr\/wp-json\/wp\/v2\/cca_plus"}],"about":[{"href":"https:\/\/www.cca-acc.com\/fr\/wp-json\/wp\/v2\/types\/cca_plus"}],"version-history":[{"count":5,"href":"https:\/\/www.cca-acc.com\/fr\/wp-json\/wp\/v2\/cca_plus\/41270\/revisions"}],"predecessor-version":[{"id":41305,"href":"https:\/\/www.cca-acc.com\/fr\/wp-json\/wp\/v2\/cca_plus\/41270\/revisions\/41305"}],"wp:featuredmedia":[{"embeddable":true,"href":"https:\/\/www.cca-acc.com\/fr\/wp-json\/wp\/v2\/media\/41209"}],"wp:attachment":[{"href":"https:\/\/www.cca-acc.com\/fr\/wp-json\/wp\/v2\/media?parent=41270"}],"curies":[{"name":"wp","href":"https:\/\/api.w.org\/{rel}","templated":true}]}}