{"id":57618,"date":"2024-09-23T11:09:03","date_gmt":"2024-09-23T15:09:03","guid":{"rendered":"https:\/\/www.cca-acc.com\/?post_type=cca_plus&#038;p=57618"},"modified":"2025-02-10T16:08:57","modified_gmt":"2025-02-10T21:08:57","slug":"inscrivez-vous-a-la-conference-annuelle-de-lacc-dans-la-ville-de-quebec","status":"publish","type":"cca_plus","link":"https:\/\/www.cca-acc.com\/fr\/plus\/inscrivez-vous-a-la-conference-annuelle-de-lacc-dans-la-ville-de-quebec\/","title":{"rendered":"Inscrivez-vous \u00e0 la Conf\u00e9rence annuelle de l&#8217;ACC dans la Ville de Qu\u00e9bec"},"content":{"rendered":"\n<div class=\"wp-block-columns is-layout-flex wp-container-core-columns-is-layout-9d6595d7 wp-block-columns-is-layout-flex\">\n<div class=\"wp-block-column is-layout-flow wp-block-column-is-layout-flow\">\n<p>Pr\u00e9parez-vous \u00e0 l\u2019\u00e9v\u00e9nement le plus important de la saison dans l\u2019industrie&nbsp;: la <a href=\"https:\/\/www.cca-acc.com\/fr\/evenements\/conference-annuelle-acc\/\" target=\"_blank\" rel=\"noreferrer noopener\"><strong>conf\u00e9rence annuelle&nbsp;2025<\/strong><\/a> de l\u2019Association canadienne de la construction (ACC) se d\u00e9roulera du <strong>11 au 14&nbsp;mars<\/strong> dans la <strong>Ville de<\/strong> <strong>Qu\u00e9bec<\/strong>. <\/p>\n\n\n\n<p>Avec pour toile de fond l\u2019historique Ch\u00e2teau Frontenac, cet \u00e9v\u00e9nement exclusif de plusieurs jours r\u00e9unira les chefs de file de l\u2019industrie de tout le pays autour d\u2019un contenu exceptionnel et de pr\u00e9cieuses occasions de r\u00e9seautage.&nbsp;Nous remercions tout particuli\u00e8rement notre commanditaire de niveau Titane, <a href=\"https:\/\/www.travelerscanada.ca\/fr\" target=\"_blank\" rel=\"noreferrer noopener\"><strong>Travelers Canada<\/strong><\/a>. &nbsp;<\/p>\n\n\n\n<h3 class=\"wp-block-heading\"><em><strong>Agissez vite!<span style=\"font-size: medium; font-weight: 400; letter-spacing: normal; white-space-collapse: collapse;\"><\/span> La disponibilit\u00e9 est limit\u00e9e.<\/strong><\/em><span style=\"font-size: medium; font-weight: 400; letter-spacing: normal; white-space-collapse: collapse;\"><\/span><br>R\u00e9servez votre place avant que les tarifs anticip\u00e9s viennent \u00e0 \u00e9ch\u00e9ance le 22&nbsp;novembre&nbsp;2024.&nbsp;<em>&nbsp;<\/em><\/h3>\n\n\n\n<div class=\"wp-block-buttons is-layout-flex wp-block-buttons-is-layout-flex\"><\/div>\n\n\n\n<div style=\"height:15px\" aria-hidden=\"true\" class=\"wp-block-spacer\"><\/div>\n\n\n\n<p>Nous c\u00e9l\u00e9brerons \u00e9galement les r\u00e9alisations de nos membres par le biais de notre programme de <a href=\"https:\/\/www.cca-acc.com\/fr\/services-axes-sur-les-pratiques-exemplaires\/prix-nationaux-de-lacc\/\" target=\"_blank\" rel=\"noreferrer noopener\"><strong>Prix nationaux<\/strong><\/a>, parrain\u00e9 par <a href=\"https:\/\/www.northbridgeassurance.ca\/\" target=\"_blank\" rel=\"noreferrer noopener\"><strong>Northbridge Assurance<\/strong><\/a>. Vous pouvez proposer des candidats m\u00e9ritants dans neuf cat\u00e9gories <a href=\"https:\/\/www.cca-acc.com\/fr\/services-axes-sur-les-pratiques-exemplaires\/prix-nationaux-de-lacc\/\" target=\"_blank\" rel=\"noreferrer noopener\"><strong>ici<\/strong><\/a>.<\/p>\n\n\n\n<hr class=\"wp-block-separator has-alpha-channel-opacity\"\/>\n\n\n\n<div class=\"wp-block-columns is-layout-flex wp-container-core-columns-is-layout-9d6595d7 wp-block-columns-is-layout-flex\">\n<div class=\"wp-block-column is-vertically-aligned-center is-layout-flow wp-block-column-is-layout-flow\" style=\"flex-basis:33.33%\"><div class=\"wp-block-image is-style-rounded\">\n<figure class=\"aligncenter size-full\"><img loading=\"lazy\" decoding=\"async\" width=\"500\" height=\"500\" src=\"https:\/\/www.cca-acc.com\/wp-content\/uploads\/2024\/09\/Hebert_Chantal500x500.jpg\" alt=\"\" class=\"wp-image-57068\" style=\"object-fit:cover\" srcset=\"https:\/\/www.cca-acc.com\/wp-content\/uploads\/2024\/09\/Hebert_Chantal500x500.jpg 500w, https:\/\/www.cca-acc.com\/wp-content\/uploads\/2024\/09\/Hebert_Chantal500x500-300x300.jpg 300w, https:\/\/www.cca-acc.com\/wp-content\/uploads\/2024\/09\/Hebert_Chantal500x500-100x100.jpg 100w, https:\/\/www.cca-acc.com\/wp-content\/uploads\/2024\/09\/Hebert_Chantal500x500-150x150.jpg 150w, https:\/\/www.cca-acc.com\/wp-content\/uploads\/2024\/09\/Hebert_Chantal500x500-400x400.jpg 400w\" sizes=\"auto, (max-width: 500px) 100vw, 500px\" \/><\/figure>\n<\/div><\/div>\n\n\n\n<div class=\"wp-block-column is-layout-flow wp-block-column-is-layout-flow\" style=\"flex-basis:60px\"><\/div>\n\n\n\n<div class=\"wp-block-column is-vertically-aligned-top is-layout-flow wp-block-column-is-layout-flow\" style=\"flex-basis:66.66%\">\n<h2 class=\"wp-block-heading\"><strong>Chantal H\u00e9bert \u00e0 la t\u00eate de la conf\u00e9rence<\/strong><p class=\"MsoNormal\" style=\"margin: 0cm; line-height: 15.6933px; font-size: 11pt; font-family: Aptos, sans-serif; font-weight: 400; white-space-collapse: collapse;\"><span lang=\"PT-BR\" style=\"font-size: 14pt; line-height: 19.9733px;\"><\/span><\/p><\/h2>\n\n\n\n<p>La <a href=\"https:\/\/www.cca-acc.com\/fr\/evenements\/conference-annuelle-acc\/programme\/\" target=\"_blank\" rel=\"noreferrer noopener\"><strong>conf\u00e9rence annuelle&nbsp;2025<\/strong><\/a> pr\u00e9sentera une liste impressionnante d\u2019orateurs distingu\u00e9s, avec en t\u00eate d\u2019affiche la chroniqueuse du Toronto Star et \u00e9ditorialiste politique de la CBC, Chantal&nbsp;H\u00e9bert. Obtenez des informations pr\u00e9cieuses sur la mani\u00e8re dont les changements de politiques et les tendances politiques fa\u00e7onnent la dynamique du secteur et d\u00e9couvrez des strat\u00e9gies pour tirer parti de ces changements en vue d\u2019une r\u00e9ussite \u00e0 long terme.<\/p>\n\n\n\n<p>Des conf\u00e9renciers d\u2019honneur captivants aux tables rondes interactives, en passant par les d\u00e9bats d\u2019experts et les sessions de r\u00e9seautage, notre programme est con\u00e7u pour vous apporter des connaissances de pointe et des contacts inestimables. Ne manquez pas cette occasion de participer \u00e0 un \u00e9v\u00e9nement transformateur qui marquera l\u2019avenir de la construction.<\/p>\n\n\n\n<p>Restez \u00e0 l\u2019\u00e9coute, car nous d\u00e9voilerons plus de d\u00e9tails sur le programme dans les mois \u00e0 venir.<\/p>\n\n\n\n<div class=\"wp-block-buttons is-layout-flex wp-block-buttons-is-layout-flex\">\n<div class=\"wp-block-button\"><a class=\"wp-block-button__link has-brand-background-color has-background wp-element-button\" href=\"https:\/\/www.cca-acc.com\/fr\/evenements\/conference-annuelle-acc\/programme\/\" target=\"_blank\" rel=\"noreferrer noopener\"><strong>CONSULTEZ NOTRE PROGRAMME<\/strong><\/a><\/div>\n<\/div>\n<\/div>\n<\/div>\n\n\n\n<div class=\"wp-block-columns is-layout-flex wp-container-core-columns-is-layout-9d6595d7 wp-block-columns-is-layout-flex\">\n<div class=\"wp-block-column is-layout-flow wp-block-column-is-layout-flow\">\n<hr class=\"wp-block-separator has-alpha-channel-opacity\"\/>\n\n\n\n<h2 class=\"wp-block-heading\"><strong>Dates cl\u00e9s \u00e0 ne pas oublier!<\/strong><\/h2>\n\n\n\n<ul class=\"wp-block-list\">\n<li><strong>16&nbsp;septembre&nbsp;2024<\/strong><span style=\"font-size: medium; white-space-collapse: collapse;\"><\/span> | D\u00e9but des inscriptions<\/li>\n\n\n\n<li><strong>22&nbsp;novembre&nbsp;2024<\/strong><span style=\"font-size: medium; white-space-collapse: collapse;\"><\/span> | Cl\u00f4ture des inscriptions anticip\u00e9es<\/li>\n\n\n\n<li><strong>1er&nbsp;f\u00e9vrier&nbsp;2025<\/strong> | \u00c9ch\u00e9ance du bloc de chambres*<\/li>\n\n\n\n<li><strong>10&nbsp;mars&nbsp;2025<\/strong><span style=\"font-size: medium; white-space-collapse: collapse;\"><\/span>\n<ul class=\"wp-block-list\">\n<li>Assembl\u00e9e g\u00e9n\u00e9rale annuelle<em> (inscription distincte requise, lien \u00e0 venir)<\/em><\/li>\n\n\n\n<li>R\u00e9union du conseil d\u2019administration <em>(\u00e0 huis clos)<\/em><\/li>\n\n\n\n<li>R\u00e9unions des conseils consultatifs nationaux <em>(inscription distincte requise, lien \u00e0 venir)<\/em><\/li>\n<\/ul>\n<\/li>\n\n\n\n<li><strong>Du 11 au 14&nbsp;mars&nbsp;2025<\/strong><span style=\"font-size: medium; white-space-collapse: collapse;\"><\/span> | Conf\u00e9rence annuelle&nbsp;2025<\/li>\n<\/ul>\n\n\n\n<p><em>*&nbsp;Agissez rapidement, car le nombre de places est limit\u00e9. Le bloc de chambres de l\u2019ACC vient \u00e0 \u00e9ch\u00e9ance le 1<sup>er<\/sup>&nbsp;f\u00e9vrier&nbsp;2025, ou lorsque toutes les chambres sont vendues, selon la premi\u00e8re \u00e9ventualit\u00e9.<\/em><\/p>\n\n\n\n<p class=\"has-small-font-size\">Des informations sur les tarifs de <strong><a href=\"https:\/\/www.cca-acc.com\/fr\/evenements\/conference-annuelle-acc\/hotel-et-voyage\/#hotel\" target=\"_blank\" rel=\"noreferrer noopener\">l\u2019h\u00f4tel<\/a>,<\/strong> la r\u00e9servation de votre <strong><a href=\"https:\/\/www.cca-acc.com\/fr\/evenements\/conference-annuelle-acc\/hotel-et-voyage\/#vols\" target=\"_blank\" rel=\"noreferrer noopener\">voyage<\/a> <\/strong>et les frais <a href=\"https:\/\/www.cca-acc.com\/fr\/evenements\/conference-annuelle-acc\/#register\" target=\"_blank\" rel=\"noreferrer noopener\"><strong>d\u2019inscription<\/strong><\/a> sont pr\u00e9sent\u00e9es sur le <a href=\"https:\/\/www.cca-acc.com\/fr\/evenements\/conference-annuelle-acc\/\" target=\"_blank\" rel=\"noreferrer noopener\"><strong>site web de la conf\u00e9rence<\/strong><\/a>.<\/p>\n\n\n\n<h2 class=\"wp-block-heading\"><strong>Merci \u00e0 nos <a href=\"https:\/\/www.cca-acc.com\/fr\/evenements\/conference-annuelle-acc\/#sponsors\" target=\"_blank\" rel=\"noreferrer noopener\">commanditaires<\/a> de la conf\u00e9rence annuelle 2025 de l&#8217;ACC!<\/strong><\/h2>\n\n\n\n<p class=\"has-small-font-size\">Si vous avez des questions, veuillez envoyer un courriel \u00e0 l\u2019adresse <a href=\"mailto:infoconference@cca-acc.com\"><strong>infoconference@cca-acc.com<\/strong><\/a>.<\/p>\n<\/div>\n<\/div>\n<\/div>\n<\/div>\n\n\n\n<p><\/p>\n","protected":false},"featured_media":57591,"menu_order":0,"template":"","class_list":["post-57618","cca_plus","type-cca_plus","status-publish","has-post-thumbnail","hentry","cca_plus_category-apercu-de-lindustrie"],"acf":[],"_links":{"self":[{"href":"https:\/\/www.cca-acc.com\/fr\/wp-json\/wp\/v2\/cca_plus\/57618","targetHints":{"allow":["GET"]}}],"collection":[{"href":"https:\/\/www.cca-acc.com\/fr\/wp-json\/wp\/v2\/cca_plus"}],"about":[{"href":"https:\/\/www.cca-acc.com\/fr\/wp-json\/wp\/v2\/types\/cca_plus"}],"version-history":[{"count":10,"href":"https:\/\/www.cca-acc.com\/fr\/wp-json\/wp\/v2\/cca_plus\/57618\/revisions"}],"predecessor-version":[{"id":63266,"href":"https:\/\/www.cca-acc.com\/fr\/wp-json\/wp\/v2\/cca_plus\/57618\/revisions\/63266"}],"wp:featuredmedia":[{"embeddable":true,"href":"https:\/\/www.cca-acc.com\/fr\/wp-json\/wp\/v2\/media\/57591"}],"wp:attachment":[{"href":"https:\/\/www.cca-acc.com\/fr\/wp-json\/wp\/v2\/media?parent=57618"}],"curies":[{"name":"wp","href":"https:\/\/api.w.org\/{rel}","templated":true}]}}